{"id":4220,"date":"2026-01-11T10:00:48","date_gmt":"2026-01-11T02:00:48","guid":{"rendered":"https:\/\/www.tairuiauto.com\/?post_type=product&#038;p=4220"},"modified":"2026-01-27T10:30:11","modified_gmt":"2026-01-27T02:30:11","slug":"urban-delivery-electric-truck","status":"publish","type":"product","link":"https:\/\/www.tairuiauto.com\/pt\/product\/urban-delivery-electric-truck\/","title":{"rendered":"Cami\u00e3o el\u00e9trica de entrega urbana"},"content":{"rendered":"<h2 style=\"padding-left: 40px;\" data-start=\"340\" data-end=\"377\">Vista geral dos produtos<\/h2>\n<p style=\"padding-left: 40px;\" data-start=\"693\" data-end=\"1005\">O <strong>Cami\u00e3o el\u00e9trica de entrega urbana<\/strong>\u00a0\u00e9 um ve\u00edculo de log\u00edstica urban a constru\u00eddo com prop\u00f3sito que combina dimens\u00f5es compactas, forte capacidade de carga \u00fatil e desempenho el\u00e9trico confi\u00e1vel. \u00c9 projetado para satisfazer as exig\u00eancias de entrega di\u00e1ria da cidade, transporte comercial ligeiro e opera\u00e7\u00f5es de frota ambientalmente respons\u00e1veis.<\/p>\n<table style=\"width: 68.2045%; height: 576px; margin-left: 40px;\" width=\"720\">\n<tbody style=\"padding-left: 40px;\">\n<tr style=\"height: 24px; padding-left: 40px;\">\n<td style=\"height: 24px; width: 44.186%; padding-left: 40px;\" width=\"265\">Modelo<\/td>\n<td style=\"height: 24px; width: 60.602%; padding-left: 40px;\" width=\"455\">Cami\u00e3o el\u00e9trica de entrega urbana<\/td>\n<\/tr>\n<tr style=\"height: 24px; padding-left: 40px;\">\n<td style=\"height: 24px; width: 44.186%; padding-left: 40px;\" width=\"265\">Tipo de caixa<\/td>\n<td style=\"height: 24px; width: 60.602%; padding-left: 40px;\" width=\"455\">Carga<\/td>\n<\/tr>\n<tr style=\"height: 24px; padding-left: 40px;\">\n<td style=\"height: 24px; width: 44.186%; padding-left: 40px;\" width=\"265\">Capacidade<\/td>\n<td style=\"height: 24px; width: 60.602%; padding-left: 40px;\" width=\"455\">3,4 m\u00b3<\/td>\n<\/tr>\n<tr style=\"height: 24px; padding-left: 40px;\">\n<td style=\"height: 24px; width: 44.186%; padding-left: 40px;\" width=\"265\">Capacidade de carga nominal (kg)<\/td>\n<td style=\"height: 24px; width: 60.602%; padding-left: 40px;\" width=\"455\">475<\/td>\n<\/tr>\n<tr style=\"height: 24px; padding-left: 40px;\">\n<td style=\"height: 24px; width: 44.186%; padding-left: 40px;\" width=\"265\">Dimens\u00f5es gerais (mm)<\/td>\n<td style=\"height: 24px; width: 60.602%; padding-left: 40px;\" width=\"455\">3820*1480*1900<\/td>\n<\/tr>\n<tr style=\"height: 24px; padding-left: 40px;\">\n<td style=\"height: 24px; width: 44.186%; padding-left: 40px;\" width=\"265\">Peso curb (kg)<\/td>\n<td style=\"height: 24px; width: 60.602%; padding-left: 40px;\" width=\"455\">945<\/td>\n<\/tr>\n<tr style=\"height: 24px; padding-left: 40px;\">\n<td style=\"height: 24px; width: 44.186%; padding-left: 40px;\" width=\"265\">Dimens\u00f5es<\/td>\n<td style=\"height: 24px; width: 60.602%; padding-left: 40px;\" width=\"455\">2025*1400*1185<\/td>\n<\/tr>\n<tr style=\"height: 24px; padding-left: 40px;\">\n<td style=\"height: 24px; width: 44.186%; padding-left: 40px;\" width=\"265\">NEDC (km)<\/td>\n<td style=\"height: 24px; width: 60.602%; padding-left: 40px;\" width=\"455\">140<\/td>\n<\/tr>\n<tr style=\"height: 24px; padding-left: 40px;\">\n<td style=\"height: 24px; width: 44.186%; padding-left: 40px;\" width=\"265\">Sede(s)in[UNK]Cab<\/td>\n<td style=\"height: 24px; width: 60.602%; padding-left: 40px;\" width=\"455\">2<\/td>\n<\/tr>\n<tr style=\"height: 24px; padding-left: 40px;\">\n<td style=\"height: 24px; width: 44.186%; padding-left: 40px;\" width=\"265\">Base de rodas (mm)<\/td>\n<td style=\"height: 24px; width: 60.602%; padding-left: 40px;\" width=\"455\">2450<\/td>\n<\/tr>\n<tr style=\"height: 24px; padding-left: 40px;\">\n<td style=\"height: 24px; width: 44.186%; padding-left: 40px;\" width=\"265\">Massa global de<\/td>\n<td style=\"height: 24px; width: 60.602%; padding-left: 40px;\" width=\"455\">1550<\/td>\n<\/tr>\n<tr style=\"height: 24px; padding-left: 40px;\">\n<td style=\"height: 24px; width: 44.186%; padding-left: 40px;\" width=\"265\">Cargando o tempo [UNK]Normal[UNK](h)<\/td>\n<td style=\"height: 24px; width: 60.602%; padding-left: 40px;\" width=\"455\">6-8h<\/td>\n<\/tr>\n<tr style=\"height: 24px; padding-left: 40px;\">\n<td style=\"height: 24px; width: 44.186%; padding-left: 40px;\" width=\"265\">Tipo de bateria<\/td>\n<td style=\"height: 24px; width: 60.602%; padding-left: 40px;\" width=\"455\">LFP<\/td>\n<\/tr>\n<tr style=\"height: 24px; padding-left: 40px;\">\n<td style=\"height: 24px; width: 44.186%; padding-left: 40px;\" width=\"265\">Motor[UNK]Power[UNK]&#8211; [UNK] Avaliado[UNK](kw)<\/td>\n<td style=\"height: 24px; width: 60.602%; padding-left: 40px;\" width=\"455\">15<\/td>\n<\/tr>\n<tr style=\"height: 24px; padding-left: 40px;\">\n<td style=\"height: 24px; width: 44.186%; padding-left: 40px;\" width=\"265\">Torque m \u00e1ximo (N\u00b7m)<\/td>\n<td style=\"height: 24px; width: 60.602%; padding-left: 40px;\" width=\"455\">130<\/td>\n<\/tr>\n<tr style=\"height: 24px; padding-left: 40px;\">\n<td style=\"height: 24px; width: 44.186%; padding-left: 40px;\" width=\"265\">Gradeabilidade<\/td>\n<td style=\"height: 24px; width: 60.602%; padding-left: 40px;\" width=\"455\">65310;10%<\/td>\n<\/tr>\n<tr style=\"height: 24px; padding-left: 40px;\">\n<td style=\"height: 24px; width: 44.186%; padding-left: 40px;\" width=\"265\">Velocidade m\u00e1xima (km\/h)<\/td>\n<td style=\"height: 24px; width: 60.602%; padding-left: 40px;\" width=\"455\">&gt; 70<\/td>\n<\/tr>\n<tr style=\"height: 24px; padding-left: 40px;\">\n<td style=\"height: 24px; width: 44.186%; padding-left: 40px;\" width=\"265\">Motor<\/td>\n<td style=\"height: 24px; width: 60.602%; padding-left: 40px;\" width=\"455\">PMSM<\/td>\n<\/tr>\n<tr style=\"height: 24px; padding-left: 40px;\">\n<td style=\"height: 24px; width: 44.186%; padding-left: 40px;\" width=\"265\">Tipo[UNK]de[UNK]Drive<\/td>\n<td style=\"height: 24px; width: 60.602%; padding-left: 40px;\" width=\"455\">4x2<\/td>\n<\/tr>\n<tr style=\"height: 24px; padding-left: 40px;\">\n<td style=\"height: 24px; width: 44.186%; padding-left: 40px;\" width=\"265\">Capacidade<\/td>\n<td style=\"height: 24px; width: 60.602%; padding-left: 40px;\" width=\"455\">450\/425<\/td>\n<\/tr>\n<tr style=\"height: 24px; padding-left: 40px;\">\n<td style=\"height: 24px; width: 44.186%; padding-left: 40px;\" width=\"265\">Tamanho do pneu<\/td>\n<td style=\"height: 24px; width: 60.602%; padding-left: 40px;\" width=\"455\">145R12<\/td>\n<\/tr>\n<tr style=\"height: 24px; padding-left: 40px;\">\n<td style=\"height: 24px; width: 44.186%; padding-left: 40px;\" width=\"265\">Anterior\/Atr\u00e1s<\/td>\n<td style=\"height: 24px; width: 60.602%; padding-left: 40px;\" width=\"455\">1290<\/td>\n<\/tr>\n<tr style=\"height: 24px; padding-left: 40px;\">\n<td style=\"height: 24px; width: 44.186%; padding-left: 40px;\" width=\"265\">Tipo de[UNK]Brake(s)<\/td>\n<td style=\"height: 24px; width: 60.602%; padding-left: 40px;\" width=\"455\">Disco\/Drum (F\/R)<\/td>\n<\/tr>\n<\/tbody>\n<\/table>\n<h2 style=\"padding-left: 40px;\" data-start=\"1012\" data-end=\"1034\">Descri\u00e7\u00e3o do produto<\/h2>\n<h3 style=\"padding-left: 40px;\" data-start=\"1036\" data-end=\"1058\">Categoria de produtos<\/h3>\n<p style=\"padding-left: 40px;\" data-start=\"1059\" data-end=\"1139\">Cami\u00e3o de entrega el\u00e9trica \/ Cami\u00e3o de carga el\u00e9trica \/ Ve\u00edculo el\u00e9trico comercial ligeiro<\/p>\n<h3 style=\"padding-left: 40px;\" data-start=\"1141\" data-end=\"1166\">Descri\u00e7\u00e3o do produto<\/h3>\n<p style=\"padding-left: 40px;\" data-start=\"1168\" data-end=\"1547\">O <strong data-start=\"1172\" data-end=\"1210\">Cami\u00e3o el\u00e9trica de entrega urbana V302<\/strong> \u00e9 projetado para operar eficientemente em ambientes urbanos congestionados, mantendo capacidade suficiente de carga para tarefas de entrega profissional. Com dimens\u00f5es gerais de <strong data-start=\"1382\" data-end=\"1407\">3820 \u00d7 1480 \u00d7 1900 mm<\/strong> e um <strong data-start=\"1414\" data-end=\"1438\">base de rodas de 2450 mm<\/strong>o ve\u00edculo oferece manejo equilibrado, estabilidade e maneuverabilidade para ruas urbanas e zonas industriais.<\/p>\n<p style=\"padding-left: 40px;\" data-start=\"1549\" data-end=\"1968\">O anexo <strong data-start=\"1562\" data-end=\"1589\">configura\u00e7\u00e3o da caixa de carga<\/strong> fornece um <strong data-start=\"1601\" data-end=\"1628\">volume de contenedor de 3,4 m \u00b3<\/strong>com dimens\u00f5es internas de contentores de <strong data-start=\"1668\" data-end=\"1693\">2025 \u00d7 1400 \u00d7 1185 mm<\/strong>, assegurando o transporte seguro e protegido pelo tempo de mercadorias. A <strong data-start=\"1755\" data-end=\"1788\">capacidade nominal de carga de 475 kg<\/strong> e um <strong data-start=\"1796\" data-end=\"1823\">massa global de 1550 kg<\/strong> tornar o V302 adequado para uma ampla gama de aplica\u00e7\u00f5es log\u00edsticas urbanas, incluindo entrega de parcelas, distribui\u00e7\u00e3o de retalho e opera\u00e7\u00f5es de servi\u00e7o.<\/p>\n<p style=\"padding-left: 40px;\" data-start=\"1549\" data-end=\"1968\"><img fetchpriority=\"high\" decoding=\"async\" class=\"alignnone size-medium wp-image-4222\" src=\"https:\/\/www.tairuiauto.com\/wp-content\/uploads\/2025\/10\/2-5-225x300.jpg\" alt=\"\" width=\"225\" height=\"300\" srcset=\"https:\/\/www.tairuiauto.com\/wp-content\/uploads\/2025\/10\/2-5-225x300.jpg 225w, https:\/\/www.tairuiauto.com\/wp-content\/uploads\/2025\/10\/2-5-767x1024.jpg 767w, https:\/\/www.tairuiauto.com\/wp-content\/uploads\/2025\/10\/2-5-768x1025.jpg 768w, https:\/\/www.tairuiauto.com\/wp-content\/uploads\/2025\/10\/2-5-1151x1536.jpg 1151w, https:\/\/www.tairuiauto.com\/wp-content\/uploads\/2025\/10\/2-5-1535x2048.jpg 1535w, https:\/\/www.tairuiauto.com\/wp-content\/uploads\/2025\/10\/2-5-9x12.jpg 9w, https:\/\/www.tairuiauto.com\/wp-content\/uploads\/2025\/10\/2-5-600x801.jpg 600w, https:\/\/www.tairuiauto.com\/wp-content\/uploads\/2025\/10\/2-5-scaled.jpg 1918w\" sizes=\"(max-width: 225px) 100vw, 225px\" \/>\u00a0 \u00a0 \u00a0<img decoding=\"async\" class=\"alignnone size-medium wp-image-4223\" src=\"https:\/\/www.tairuiauto.com\/wp-content\/uploads\/2025\/10\/3-4-225x300.jpg\" alt=\"\" width=\"225\" height=\"300\" srcset=\"https:\/\/www.tairuiauto.com\/wp-content\/uploads\/2025\/10\/3-4-225x300.jpg 225w, https:\/\/www.tairuiauto.com\/wp-content\/uploads\/2025\/10\/3-4-768x1024.jpg 768w, https:\/\/www.tairuiauto.com\/wp-content\/uploads\/2025\/10\/3-4-1151x1536.jpg 1151w, https:\/\/www.tairuiauto.com\/wp-content\/uploads\/2025\/10\/3-4-1535x2048.jpg 1535w, https:\/\/www.tairuiauto.com\/wp-content\/uploads\/2025\/10\/3-4-9x12.jpg 9w, https:\/\/www.tairuiauto.com\/wp-content\/uploads\/2025\/10\/3-4-600x800.jpg 600w, https:\/\/www.tairuiauto.com\/wp-content\/uploads\/2025\/10\/3-4-scaled.jpg 1919w\" sizes=\"(max-width: 225px) 100vw, 225px\" \/>\u00a0 \u00a0 \u00a0<img decoding=\"async\" class=\"alignnone size-medium wp-image-4224\" src=\"https:\/\/www.tairuiauto.com\/wp-content\/uploads\/2025\/10\/4-4-225x300.jpg\" alt=\"\" width=\"225\" height=\"300\" \/><\/p>\n<p style=\"padding-left: 40px;\" data-start=\"1970\" data-end=\"2278\">Fornecida por um <strong data-start=\"1983\" data-end=\"2034\">Motor sincrono de \u00edm\u00e3 permanente de 15 kW (PMSM)<\/strong>o V302 fornece um <strong data-start=\"2056\" data-end=\"2085\">torque m \u00e1ximo de 130 N\u00b7m<\/strong>proporcionando acelera\u00e7\u00e3o responsiva sob carga. O ve\u00edculo adota um <strong data-start=\"2154\" data-end=\"2180\">motor de roda traseira (4x2)<\/strong> disposi\u00e7\u00e3o, assegurando tra\u00e7\u00e3o confi\u00e1vel e transmiss\u00e3o eficiente de energia para condi\u00e7\u00f5es urbanas de condu\u00e7\u00e3o.<\/p>\n<p style=\"padding-left: 40px;\" data-start=\"2280\" data-end=\"2561\">O <strong data-start=\"2284\" data-end=\"2306\">Sistema de bateria LFP<\/strong> oferece uma maior estabilidade t\u00e9rmica e uma long a vida de servi\u00e7o, apoiando uma <strong data-start=\"2377\" data-end=\"2415\">A dist\u00e2ncia de condu\u00e7\u00e3o NEDC de at\u00e9 140 km<\/strong> com uma \u00fanica carga. Com uma <strong data-start=\"2443\" data-end=\"2480\">tempo normal de carga de 6-8 horas<\/strong>o ve\u00edculo \u00e9 adequado para carregar a noite e ciclos operacionais di\u00e1rios.<\/p>\n<p style=\"padding-left: 40px;\" data-start=\"2563\" data-end=\"2911\">Em termos de desempenho, o V302 atinge um <strong data-start=\"2608\" data-end=\"2643\">velocidade m\u00e1xima superior a 70 km\/h<\/strong> e um <strong data-start=\"2650\" data-end=\"2683\">gradabilidade superior a 10%<\/strong>, permitindo-lhe lidar com flutua\u00e7\u00f5es, rampas e inclina\u00e7\u00f5es moderadas comunmente encontradas em \u00e1reas urbanas. O t\u00e1xi tem caracter\u00edsticas <strong data-start=\"2794\" data-end=\"2807\">dois lugares<\/strong>, fornecendo um ambiente de trabalho confort\u00e1vel para o condutor e assistente durante opera\u00e7\u00f5es de entrega di\u00e1ria.<\/p>\n<p style=\"padding-left: 40px;\" data-start=\"2913\" data-end=\"3324\">O sistema de chassis \u00e9 projetado para durabilidade e seguran\u00e7a. A <strong data-start=\"2975\" data-end=\"3018\">disco frontal e sistema de travagem de tambor traseiro<\/strong> assegura um desempenho efetivo de travagem em condi\u00e7\u00f5es de carga variadas, enquanto <strong data-start=\"3094\" data-end=\"3117\">pneus 145R12 LT 8PR<\/strong> fornecer capacidade de carga confi\u00e1vel e adaptabilidade rodovi\u00e1ria. O <strong data-start=\"3186\" data-end=\"3241\">capacidades de eixo frontal e posterior de 450 kg e 425 kg<\/strong>, respectivamente, melhoram ainda mais a estabilidade e a durabilidade dos ve\u00edculos no uso comercial.<\/p>\n<hr style=\"padding-left: 40px;\" data-start=\"3326\" data-end=\"3329\" \/>\n<h2 style=\"padding-left: 40px;\" data-start=\"3331\" data-end=\"3359\">Caracter\u00edsticas-chave e - Avantagens<\/h2>\n<h3 style=\"padding-left: 40px;\" data-start=\"3361\" data-end=\"3375\">Caracter\u00edsticas<\/h3>\n<ul>\n<li style=\"list-style-type: none;\">\n<ul data-start=\"3376\" data-end=\"3576\">\n<li data-start=\"3376\" data-end=\"3424\">\n<p data-start=\"3378\" data-end=\"3424\">Design compacto de cami\u00e3o el\u00e9trico urbano de entrega<\/p>\n<\/li>\n<li data-start=\"3425\" data-end=\"3454\">\n<p data-start=\"3427\" data-end=\"3454\">caixa de carga fechada de 3,4 m \u00b3<\/p>\n<\/li>\n<li data-start=\"3455\" data-end=\"3493\">\n<p data-start=\"3457\" data-end=\"3493\">Bateria LFP com 140 km de dist\u00e2ncia NEDC<\/p>\n<\/li>\n<li data-start=\"3494\" data-end=\"3534\">\n<p data-start=\"3496\" data-end=\"3534\">Motor PMSM de 15 kW com um torque de 130 N\u00b7m<\/p>\n<\/li>\n<li data-start=\"3535\" data-end=\"3576\">\n<p data-start=\"3537\" data-end=\"3576\">Sistema de travagem de disco\/tambor (frente\/traseiro)<\/p>\n<\/li>\n<\/ul>\n<\/li>\n<\/ul>\n<h3 style=\"padding-left: 40px;\" data-start=\"3578\" data-end=\"3594\">Avantagens<\/h3>\n<ul>\n<li style=\"list-style-type: none;\">\n<ul data-start=\"3595\" data-end=\"3781\">\n<li data-start=\"3595\" data-end=\"3649\">\n<p data-start=\"3597\" data-end=\"3649\">Opera\u00e7\u00e3o eficiente em ambientes urbanos congestionados<\/p>\n<\/li>\n<li data-start=\"3650\" data-end=\"3692\">\n<p data-start=\"3652\" data-end=\"3692\">Qu\u00edmica est\u00e1vel e de bateria de longa vida<\/p>\n<\/li>\n<li data-start=\"3693\" data-end=\"3737\">\n<p data-start=\"3695\" data-end=\"3737\">Carga \u00fatil equilibrada e desempenho de condu\u00e7\u00e3o<\/p>\n<\/li>\n<li data-start=\"3738\" data-end=\"3781\">\n<p data-start=\"3740\" data-end=\"3781\">Redu\u00e7\u00e3o dos custos de funcionamento e manuten\u00e7\u00e3o<\/p>\n<\/li>\n<\/ul>\n<\/li>\n<\/ul>\n<h3 style=\"padding-left: 40px;\" data-start=\"3783\" data-end=\"3803\">Benef\u00edcios do comprador<\/h3>\n<ul>\n<li style=\"list-style-type: none;\">\n<ul data-start=\"3804\" data-end=\"4003\">\n<li data-start=\"3804\" data-end=\"3857\">\n<p data-start=\"3806\" data-end=\"3857\">Baixo custo total de propriedade das frotas de entrega<\/p>\n<\/li>\n<li data-start=\"3858\" data-end=\"3909\">\n<p data-start=\"3860\" data-end=\"3909\">Melhor efici\u00eancia de entrega e cobertura das rotas<\/p>\n<\/li>\n<li data-start=\"3910\" data-end=\"3956\">\n<p data-start=\"3912\" data-end=\"3956\">Complian\u00e7a com regulamentos de emiss\u00e3o urbana<\/p>\n<\/li>\n<li data-start=\"3957\" data-end=\"4003\">\n<p data-start=\"3959\" data-end=\"4003\">Solu\u00e7\u00e3o confi\u00e1vel para uso comercial di\u00e1rio<\/p>\n<\/li>\n<\/ul>\n<\/li>\n<\/ul>\n<h3 style=\"padding-left: 40px;\" data-start=\"4005\" data-end=\"4019\">Provas<\/h3>\n<ul>\n<li style=\"list-style-type: none;\">\n<ul data-start=\"4020\" data-end=\"4145\">\n<li data-start=\"4020\" data-end=\"4053\">\n<p data-start=\"4022\" data-end=\"4053\">Tecnologia demostrada da bateria LFP<\/p>\n<\/li>\n<li data-start=\"4054\" data-end=\"4098\">\n<p data-start=\"4056\" data-end=\"4098\">Chassis comercial e design de eixo<\/p>\n<\/li>\n<li data-start=\"4099\" data-end=\"4145\">\n<p data-start=\"4101\" data-end=\"4145\">Optimizado para a log\u00edstica urbana profissional<\/p>\n<\/li>\n<\/ul>\n<\/li>\n<\/ul>\n<hr style=\"padding-left: 40px;\" data-start=\"4147\" data-end=\"4150\" \/>\n<h2 style=\"padding-left: 40px;\" data-start=\"4152\" data-end=\"4176\">Escen\u00e1rios de aplica\u00e7\u00f5es<\/h2>\n<ul>\n<li style=\"list-style-type: none;\">\n<ul data-start=\"4178\" data-end=\"4342\">\n<li data-start=\"4178\" data-end=\"4207\">\n<p data-start=\"4180\" data-end=\"4207\">Entrega de parcelas de \u00faltima milha<\/p>\n<\/li>\n<li data-start=\"4208\" data-end=\"4237\">\n<p data-start=\"4210\" data-end=\"4237\">Distribui\u00e7\u00e3o urbana de retalho<\/p>\n<\/li>\n<li data-start=\"4238\" data-end=\"4269\">\n<p data-start=\"4240\" data-end=\"4269\">Log\u00edstica de alimentos e bebidas<\/p>\n<\/li>\n<li data-start=\"4270\" data-end=\"4304\">\n<p data-start=\"4272\" data-end=\"4304\">Flotas de servi\u00e7o e manuten\u00e7\u00e3o<\/p>\n<\/li>\n<li data-start=\"4305\" data-end=\"4342\">\n<p data-start=\"4307\" data-end=\"4342\">Com\u00e9rcio electr\u00f3nico e opera\u00e7\u00f5es de corredores<\/p>\n<\/li>\n<\/ul>\n<\/li>\n<\/ul>\n<hr style=\"padding-left: 40px;\" data-start=\"4344\" data-end=\"4347\" \/>\n<h2 style=\"padding-left: 40px;\" data-start=\"4349\" data-end=\"4367\">Por que escolher V302<\/h2>\n<p style=\"padding-left: 40px;\" data-start=\"4369\" data-end=\"4692\">O <strong data-start=\"4373\" data-end=\"4411\">Cami\u00e3o el\u00e9trica de entrega urbana V302<\/strong> \u00e9 desenvolvida para atender \u00e0s necessidades pr\u00e1ticas da log\u00edstica urbana moderna. Apoiado por padr\u00f5es profissionais de fabrica\u00e7\u00e3o e capacidades flex\u00edveis de personaliza\u00e7\u00e3o, ele fornece uma solu\u00e7\u00e3o el\u00e9trica confi\u00e1vel para empresas buscando transporte urbano eficiente, conforme e sustent\u00e1vel.<\/p>\n<hr style=\"padding-left: 40px;\" data-start=\"4694\" data-end=\"4697\" \/>\n<h2 style=\"padding-left: 40px;\" data-start=\"4699\" data-end=\"4716\">Chamar a Ac\u00e7\u00e3o<\/h2>\n<p style=\"padding-left: 40px;\" data-start=\"4718\" data-end=\"4982\">Procurando uma confiabilidade <strong data-start=\"4741\" data-end=\"4768\">cami\u00e3o de entrega el\u00e9trica<\/strong> para a log\u00edstica urbana ou o despliegue da frota?<br data-start=\"4809\" data-end=\"4812\" \/>Contacte-nos hoje para receber especifica\u00e7\u00f5es detalhadas, op\u00e7\u00f5es de personaliza\u00e7\u00e3o, informa\u00e7\u00e3o de pre\u00e7os e suporte t\u00e9cnico profissional para <strong data-start=\"4952\" data-end=\"4981\">V302 cami\u00e3o el\u00e9trico de carga<\/strong>.<\/p>\n<hr style=\"padding-left: 40px;\" data-start=\"4984\" data-end=\"4987\" \/>\n<h2 style=\"padding-left: 40px;\" data-start=\"4989\" data-end=\"4995\">FAQ<\/h2>\n<p style=\"padding-left: 40px;\" data-start=\"4997\" data-end=\"5137\"><strong data-start=\"4997\" data-end=\"5054\">Q1: Qual \u00e9 a capacidade m\u00e1xima de carga \u00fatil do V302?<\/strong><br data-start=\"5054\" data-end=\"5057\" \/>A capacidade de carga nominal \u00e9 <strong data-start=\"5084\" data-end=\"5094\">475 kg<\/strong>, adequados para aplica\u00e7\u00f5es de entrega urbana.<\/p>\n<p style=\"padding-left: 40px;\" data-start=\"5139\" data-end=\"5281\"><strong data-start=\"5139\" data-end=\"5184\">Q2: Qual \u00e9 o intervalo de condu\u00e7\u00e3o por carga?<\/strong><br data-start=\"5184\" data-end=\"5187\" \/>O ve\u00edculo oferece um <strong data-start=\"5208\" data-end=\"5238\">Rango NEDC de at\u00e9 140 km<\/strong>dependendo da carga e condi\u00e7\u00f5es de condu\u00e7\u00e3o.<\/p>\n<p style=\"padding-left: 40px;\" data-start=\"5283\" data-end=\"5411\"><strong data-start=\"5283\" data-end=\"5330\">Q3: Que tipo de bateria usa o V302?<\/strong><br data-start=\"5330\" data-end=\"5333\" \/>Ela usa um <strong data-start=\"5344\" data-end=\"5359\">Bateria LFP<\/strong>conhecido pela seguran\u00e7a, durabilidade e longa vida de ciclo.<\/p>\n<p style=\"padding-left: 40px;\" data-start=\"5413\" data-end=\"5572\"><strong data-start=\"5413\" data-end=\"5462\">Q4: O ve\u00edculo \u00e9 adequado para conduzir a cidade?<\/strong><br data-start=\"5462\" data-end=\"5465\" \/>Sim. Seu tamanho compacto, motor responsivo e sistema eficiente de travagem fazem dele ideal para ambientes urbanos.<\/p>\n<p style=\"padding-left: 40px;\" data-start=\"5574\" data-end=\"5730\"><strong data-start=\"5574\" data-end=\"5625\">Q5: Este modelo pode ser personalizado para uso da frota?<\/strong><br data-start=\"5625\" data-end=\"5628\" \/>Sim. O OEM e as op\u00e7\u00f5es de personaliza\u00e7\u00e3o da configura\u00e7\u00e3o est\u00e3o dispon\u00edveis para os requisitos da frota e distribuidor.<\/p>","protected":false},"excerpt":{"rendered":"<p data-start=\"546\" data-end=\"860\">O <strong data-start=\"383\" data-end=\"421\">Cami\u00e3o el\u00e9trica de entrega urbana V302<\/strong> \u00e9 um cami\u00e3o de carga el\u00e9trica compacto projetado para log\u00edstica urbana eficiente. Com uma caixa de carga de 3,4 m \u00b3, um sistema est\u00e1vel de bateria LFP e um comboio el\u00e9trico confi\u00e1vel, ele fornece uma solu\u00e7\u00e3o pr\u00e1tica de baixa emiss\u00e3o para a distribui\u00e7\u00e3o urbana e da \u00faltima milha.<\/p>","protected":false},"featured_media":5330,"comment_status":"open","ping_status":"closed","template":"","meta":[],"product_brand":[],"product_cat":[77],"product_tag":[],"class_list":{"0":"post-4220","1":"product","2":"type-product","3":"status-publish","4":"has-post-thumbnail","6":"product_cat-electric-micro-vehicle","8":"first","9":"instock","10":"shipping-taxable","11":"product-type-simple"},"_links":{"self":[{"href":"https:\/\/www.tairuiauto.com\/pt\/wp-json\/wp\/v2\/product\/4220","targetHints":{"allow":["GET"]}}],"collection":[{"href":"https:\/\/www.tairuiauto.com\/pt\/wp-json\/wp\/v2\/product"}],"about":[{"href":"https:\/\/www.tairuiauto.com\/pt\/wp-json\/wp\/v2\/types\/product"}],"replies":[{"embeddable":true,"href":"https:\/\/www.tairuiauto.com\/pt\/wp-json\/wp\/v2\/comments?post=4220"}],"wp:featuredmedia":[{"embeddable":true,"href":"https:\/\/www.tairuiauto.com\/pt\/wp-json\/wp\/v2\/media\/5330"}],"wp:attachment":[{"href":"https:\/\/www.tairuiauto.com\/pt\/wp-json\/wp\/v2\/media?parent=4220"}],"wp:term":[{"taxonomy":"product_brand","embeddable":true,"href":"https:\/\/www.tairuiauto.com\/pt\/wp-json\/wp\/v2\/product_brand?post=4220"},{"taxonomy":"product_cat","embeddable":true,"href":"https:\/\/www.tairuiauto.com\/pt\/wp-json\/wp\/v2\/product_cat?post=4220"},{"taxonomy":"product_tag","embeddable":true,"href":"https:\/\/www.tairuiauto.com\/pt\/wp-json\/wp\/v2\/product_tag?post=4220"}],"curies":[{"name":"wp","href":"https:\/\/api.w.org\/{rel}","templated":true}]}}